{"id":5194,"date":"2026-03-26T08:47:39","date_gmt":"2026-03-26T11:47:39","guid":{"rendered":"https:\/\/isfdyt83-bue.infd.edu.ar\/sitio\/?page_id=5194"},"modified":"2026-04-10T10:45:49","modified_gmt":"2026-04-10T13:45:49","slug":"comunicados-sad","status":"publish","type":"page","link":"https:\/\/isfdyt83-bue.infd.edu.ar\/sitio\/comunicados-sad\/","title":{"rendered":"COMUNICADOS SAD"},"content":{"rendered":"\n<p class=\"has-text-align-center has-text-color has-medium-font-size\" style=\"color:#e01414\">Informamos los comunicados de nuestro instituto vigentes a la fecha<\/p>\n\n\n\n<p class=\"has-text-align-center has-text-color\" style=\"color:#416f47\">Los horarios de las materias a cubrir est\u00e1n publicados en los link de cada carrera en la pagina de inicio de nuestro instituto<\/p>\n\n\n\n<p class=\"has-text-align-center\">.<\/p>\n\n\n\n<p class=\"has-text-align-center\"><strong>Tecnicatura en Psicopedagog\u00eda<\/strong><\/p>\n\n\n\n<p><a href=\"https:\/\/drive.google.com\/file\/d\/1csS_AbjDrwnFoP894S2xXxOvydzSRwtE\/view\">Estado y Sociedad<\/a><\/p>\n\n\n\n<p><a href=\"https:\/\/drive.google.com\/file\/d\/1MDV_juQFT5Ubzg73lzpBedO20xcZPAO4\/view\">Psicolog\u00eda General<\/a><\/p>\n\n\n\n<p>.<\/p>\n\n\n\n<p class=\"has-text-align-center has-medium-font-size\"><strong>Tecnicatura Superior en Higiene y Seguridad en el Trabajo<\/strong><\/p>\n\n\n\n<p><a href=\"https:\/\/drive.google.com\/file\/d\/1GyohsklOR20-yNW2xy8DUyTI6YaM8RYJ\/view\">Estad\u00edstica<\/a><\/p>\n\n\n\n<p><a href=\"https:\/\/drive.google.com\/file\/d\/1onW0Kt5-ncCEyLX3F9NFUqOlyQTczCT7\/view\">Comunicaci\u00f3n, Administraci\u00f3n y Medios<\/a><\/p>\n\n\n\n<p>.<\/p>\n\n\n\n<p class=\"has-text-align-center has-medium-font-size\"><strong>Profesorado de Ingles<\/strong><\/p>\n\n\n\n<p><a href=\"https:\/\/drive.google.com\/file\/d\/1Rf3gZImW2FRJ7nWA11STdseX7xbf_dum\/view\">CFPP 3<\/a><\/p>\n\n\n\n<p>.<\/p>\n\n\n\n<p class=\"has-text-align-center has-medium-font-size\"><strong>Profesorado de Educaci\u00f3n Secundaria en Geograf\u00eda<\/strong><\/p>\n\n\n\n<p><a href=\"https:\/\/drive.google.com\/file\/d\/1sTHyGPbORknNJy4f3IYz-xs9revKErPV\/view\">Practica Docente IV<\/a><\/p>\n\n\n\n<p><a href=\"https:\/\/drive.google.com\/file\/d\/1VLMOvJslZZpu8XbuEQZ6PkPw9QavokC8\/view\">Econom\u00eda Pol\u00edtica<\/a><\/p>\n\n\n\n<p>.<\/p>\n\n\n\n<p class=\"has-text-align-center has-medium-font-size\"><strong>Profesorado de Educaci\u00f3n Secundaria en Econom\u00eda<\/strong><\/p>\n\n\n\n<p><a href=\"https:\/\/drive.google.com\/file\/d\/1R3EmWDUeV7QgW_ODvEpkvAFvUY9qchfN\/view\">Practica Docente II<\/a><\/p>\n\n\n\n<p><a href=\"https:\/\/drive.google.com\/file\/d\/1hCefLFz1kdBDO0Nx8eY-Mn6diIC7NjYo\/view\">Educaci\u00f3n y transformaciones sociales Contempor\u00e1neas<\/a><\/p>\n\n\n\n<p>.<\/p>\n\n\n\n<p class=\"has-text-align-center has-medium-font-size\"><strong>Profesorado de Educaci\u00f3n Secundario en Historia<\/strong><\/p>\n\n\n\n<p><a href=\"https:\/\/drive.google.com\/file\/d\/1iLbG7LkUAeElOH1D2VF-B58L30XAdNbG\/view\">Pol\u00edtica Educativa Argentina<\/a><\/p>\n\n\n\n<p><a href=\"https:\/\/drive.google.com\/file\/d\/1k4CoHXH_uy5fcEuDmlk8JNLcWmQDfE86\/view\">Sociolog\u00eda<\/a><\/p>\n\n\n\n<p><a href=\"https:\/\/drive.google.com\/file\/d\/1GFFYJ63-CDHoccIvE1lfFnkCHOwmsKUu\/view\">Problemas del mundo actual<\/a><\/p>\n\n\n\n<p>.<\/p>\n\n\n\n<p class=\"has-text-align-center has-medium-font-size\"><strong>Profesorado en Educaci\u00f3n Primaria<\/strong><\/p>\n\n\n\n<p><a href=\"https:\/\/drive.google.com\/file\/d\/1xpl40eFbLjU9jht_hVNkZC-vbv2_PTX_\/view\">Filosof\u00eda<\/a><\/p>\n\n\n\n<p>.<\/p>\n\n\n\n<p class=\"has-text-align-center has-medium-font-size\"><strong>Profesorado en Educaci\u00f3n Inicial<\/strong><\/p>\n\n\n\n<p><a href=\"https:\/\/drive.google.com\/file\/d\/1PAZH8V41ct3J1gCu8U8Umo1jAPuXXSSh\/view\">Practica Docente IV<\/a><\/p>\n\n\n\n<p><a href=\"https:\/\/drive.google.com\/file\/d\/1o_I9jO_ozlWKOZl2eiXB-i58539gp_Dc\/view\">Practica Docente II<\/a><\/p>\n\n\n\n<p>.<\/p>\n\n\n\n<p class=\"has-text-align-center has-medium-font-size\"><strong>Tecnicatura en Turismo<\/strong><\/p>\n\n\n\n<p><a href=\"https:\/\/drive.google.com\/file\/d\/1J7Vi8yV9YQDPTs_5vs7HX-3FrniGa3bK\/view\">Practicas Profesionales 3<\/a><\/p>\n\n\n\n<p><a href=\"https:\/\/drive.google.com\/file\/d\/1MaGAbVMf4xn4edOM7An5R3J2IKmA5Gn8\/view\">Pol\u00edtica y Legislaci\u00f3n en la Gesti\u00f3n de Turismo<\/a><\/p>\n\n\n\n<p><a href=\"https:\/\/drive.google.com\/file\/d\/1boiUdgnGhdK00E1effX08jXVKJfmmtOe\/view\">Marketing de las organizaciones tur\u00edsticas<\/a><\/p>\n\n\n\n<p><a href=\"https:\/\/drive.google.com\/file\/d\/1Q_9cnfDvjS94iK7a286tYQishbSYF1Qo\/view\">INGL\u00c9S III<\/a><\/p>\n\n\n\n<p><a href=\"https:\/\/drive.google.com\/file\/d\/1W1BlsCIJC6w_M6CIcLOruUxwHG0KT5Ec\/view\">Espacio de Definici\u00f3n Institucional (EDI): Imagen y Fotograf\u00eda<\/a><\/p>\n\n\n\n<p>.<\/p>\n\n\n\n<p class=\"has-text-align-center has-medium-font-size\"><strong>Tramo de Formaci\u00f3n Pedag\u00f3gico<\/strong><\/p>\n\n\n\n<p><a href=\"https:\/\/drive.google.com\/file\/d\/1EFRXztJ37QNiHffXA7JCJB_9lnCYx1fz\/view\">AN\u00c1LISIS DE LAS INSTITUCIONES EDUCATIVAS<\/a><\/p>\n\n\n\n<p><a href=\"https:\/\/drive.google.com\/file\/d\/1RWoQYxoE7qBhDVQDAosbmd-dN1oQHfQ5\/view\">DID\u00c1CTICA y CURRICULUM<\/a><\/p>\n\n\n\n<p><a href=\"https:\/\/drive.google.com\/file\/d\/1v_ibrnCdhi9EttGE288oFUqQ0fGGCooc\/view\">Pr\u00e1ctica Docente II, Taller<\/a><\/p>\n\n\n\n<p>.<\/p>\n\n\n\n<p class=\"has-text-align-center has-medium-font-size\"><strong>Tecnicatura en Log\u00edstica<\/strong><\/p>\n\n\n\n<p><a href=\"https:\/\/drive.google.com\/file\/d\/19hUZrOpj2WvxKMruz2OEx2w82JHkQmI4\/view\">Seguridad e Higiene<\/a><\/p>\n\n\n\n<p><a href=\"https:\/\/drive.google.com\/file\/d\/1Dkex3lGL2zSSACOKpNWbg_z9z7uw3YAU\/view\">Pr\u00e1ctica Profesional 3<\/a><\/p>\n\n\n\n<p><a href=\"https:\/\/drive.google.com\/file\/d\/1Bzsqw3dDP6DgYmu5fQjGS6l-ipkaVqax\/view\">LOG\u00cdSTICA II<\/a><\/p>\n\n\n\n<p><a href=\"https:\/\/drive.google.com\/file\/d\/1rjDEddXTO2evfO_zNcL2CLpZrn4JpRIM\/view\">Legislaci\u00f3n<\/a><\/p>\n\n\n\n<p><a href=\"https:\/\/drive.google.com\/file\/d\/1z8YnW9T76Ubnf14r9JNxN4goAlGlnMn5\/view\">EDI (Gesti\u00f3n de la Excelencia en Operaciones y Servicios Log\u00edsticos)<\/a><\/p>\n\n\n\n<p><a href=\"https:\/\/drive.google.com\/file\/d\/110K41Bd4cXhwKWAXjERwU6Q0CwkZP45Q\/view\">Tecnolog\u00eda y sistemas de informaci\u00f3n en log\u00edstica 3 y 4<\/a><\/p>\n\n\n\n<p><a href=\"https:\/\/drive.google.com\/file\/d\/1KHDi9B20F3YVEJp44Eg_ynkv9hok-z4T\/view\">Procesos de Distribuci\u00f3n en Log\u00edstica 1 y 2<\/a><\/p>\n\n\n\n<p><a href=\"https:\/\/drive.google.com\/file\/d\/1lq5GeGx8erWkUkos9uhLWavbpucutzGo\/view\">Log\u00edstica I<\/a><\/p>\n\n\n\n<p><a href=\"https:\/\/drive.google.com\/file\/d\/15qCLLEtBop6ZSeE1ZSXTMP7zNEqO59gr\/view\">Ingl\u00e9s II<\/a><\/p>\n\n\n\n<p><a href=\"https:\/\/drive.google.com\/file\/d\/11cGFRlLEoH5sZhSzMCy6vreg4Mk0SoUO\/view\">Dise\u00f1o de procesos log\u00edsticos, Pr\u00e1cticas Prof.<\/a><\/p>\n\n\n\n<p><a href=\"https:\/\/drive.google.com\/file\/d\/1eI4FVJIv5txP-vrT5aezBwwEQ7ZsB6Hf\/view\">Administraci\u00f3n de ventas y compras 1 y 2<\/a><\/p>\n","protected":false},"excerpt":{"rendered":"<p>Informamos los comunicados de nuestro instituto vigentes a la fecha Los horarios de las materias a cubrir est\u00e1n publicados en los link de cada carrera en la pagina de inicio de nuestro instituto . Tecnicatura en Psicopedagog\u00eda Estado y Sociedad Psicolog\u00eda General . Tecnicatura Superior en Higiene y Seguridad en el Trabajo Estad\u00edstica Comunicaci\u00f3n, Administraci\u00f3n &#8230; <a title=\"COMUNICADOS SAD\" class=\"read-more\" href=\"https:\/\/isfdyt83-bue.infd.edu.ar\/sitio\/comunicados-sad\/\" aria-label=\"More on COMUNICADOS SAD\">[+]<\/a><\/p>\n","protected":false},"author":1439,"featured_media":0,"parent":0,"menu_order":0,"comment_status":"closed","ping_status":"closed","template":"","meta":[],"acf":[],"_links":{"self":[{"href":"https:\/\/isfdyt83-bue.infd.edu.ar\/sitio\/wp-json\/wp\/v2\/pages\/5194"}],"collection":[{"href":"https:\/\/isfdyt83-bue.infd.edu.ar\/sitio\/wp-json\/wp\/v2\/pages"}],"about":[{"href":"https:\/\/isfdyt83-bue.infd.edu.ar\/sitio\/wp-json\/wp\/v2\/types\/page"}],"author":[{"embeddable":true,"href":"https:\/\/isfdyt83-bue.infd.edu.ar\/sitio\/wp-json\/wp\/v2\/users\/1439"}],"replies":[{"embeddable":true,"href":"https:\/\/isfdyt83-bue.infd.edu.ar\/sitio\/wp-json\/wp\/v2\/comments?post=5194"}],"version-history":[{"count":4,"href":"https:\/\/isfdyt83-bue.infd.edu.ar\/sitio\/wp-json\/wp\/v2\/pages\/5194\/revisions"}],"predecessor-version":[{"id":5228,"href":"https:\/\/isfdyt83-bue.infd.edu.ar\/sitio\/wp-json\/wp\/v2\/pages\/5194\/revisions\/5228"}],"wp:attachment":[{"href":"https:\/\/isfdyt83-bue.infd.edu.ar\/sitio\/wp-json\/wp\/v2\/media?parent=5194"}],"curies":[{"name":"wp","href":"https:\/\/api.w.org\/{rel}","templated":true}]}}